{"id":4267,"date":"2019-05-20T00:09:11","date_gmt":"2019-05-19T23:09:11","guid":{"rendered":"http:\/\/ispah.xyz\/blog\/?page_id=4267"},"modified":"2025-05-30T01:23:45","modified_gmt":"2025-05-30T00:23:45","slug":"seminarios-web-gratuitos","status":"publish","type":"page","link":"https:\/\/ispah.tecology-hosting.co\/es_es\/resources\/free-webinars\/","title":{"rendered":"Webinarios gratuitos"},"content":{"rendered":"<div class=\"wp-block-group has-border-color has-base-background-color has-background is-layout-flow wp-block-group-is-layout-flow\" style=\"border-color:#E5E7EB;border-width:1px;border-radius:10px;padding-top:var(--wp--preset--spacing--20);padding-right:var(--wp--preset--spacing--20);padding-bottom:var(--wp--preset--spacing--20);padding-left:var(--wp--preset--spacing--20)\">\n<p class=\"wp-block-paragraph\">La ISPAH organiza peri\u00f3dicamente seminarios web sobre cuestiones clave relacionadas con la actividad f\u00edsica y la salud. A continuaci\u00f3n encontrar\u00e1 informaci\u00f3n detallada sobre todos los seminarios anteriores y enlaces a las grabaciones de los mismos. Para obtener acceso completo a nuestros seminarios web exclusivos, conferencias magistrales y v\u00eddeos, inscr\u00edbase como miembro de ISPAH.\u00a0<\/p>\n<\/div>\n\n\n\n<div class=\"wp-block-group is-layout-grid wp-container-core-group-is-layout-41a8953e wp-block-group-is-layout-grid\">\n<div class=\"wp-block-group has-border-color has-base-background-color has-background is-layout-flow wp-block-group-is-layout-flow\" style=\"border-color:#E5E7EB;border-width:1px;border-radius:10px;padding-top:var(--wp--preset--spacing--10);padding-right:var(--wp--preset--spacing--10);padding-bottom:0;padding-left:var(--wp--preset--spacing--10)\">\n<figure class=\"wp-block-video\"><video controls src=\"https:\/\/ispah.b-cdn.net\/Webinars\/ISPAH-JPAH%20Early%20Career%20Social%20Webinar.mp4\"><\/video><figcaption class=\"wp-element-caption\"><strong>Webinar de ISPAH\/JPAH - Early Career Socials: Aprendizajes de la Academia Bill Kohl de Revisi\u00f3n por Pares<\/strong><br>20 de mayo de 2025<\/figcaption><\/figure>\n<\/div>\n\n\n\n<div class=\"wp-block-group has-border-color has-base-background-color has-background is-layout-flow wp-block-group-is-layout-flow\" style=\"border-color:#E5E7EB;border-width:1px;border-radius:10px;padding-top:var(--wp--preset--spacing--10);padding-right:var(--wp--preset--spacing--10);padding-bottom:0;padding-left:var(--wp--preset--spacing--10)\">\n<figure class=\"wp-block-video\"><video controls src=\"https:\/\/ispah.b-cdn.net\/Webinars\/Recorded%20ECR%20webinar.mp4\"><\/video><figcaption class=\"wp-element-caption\"><strong>ISPAH\/JPAH Webinar - Early Career Socials: C\u00f3mo facilitar los debates entre profesionales que inician su carrera<\/strong><br>16 de noviembre de 2023<\/figcaption><\/figure>\n<\/div>\n\n\n\n<div class=\"wp-block-group has-border-color has-base-background-color has-background is-layout-flow wp-block-group-is-layout-flow\" style=\"border-color:#E5E7EB;border-width:1px;border-radius:10px;padding-top:var(--wp--preset--spacing--10);padding-right:var(--wp--preset--spacing--10);padding-bottom:0;padding-left:var(--wp--preset--spacing--10)\">\n<figure class=\"wp-block-video\"><video controls src=\"https:\/\/ispah.b-cdn.net\/Webinars\/2023%2010%2020%20Recording%20The%20Physical%20Activity%20Policy%20to%20Practice%20Disconnect.mp4\"><\/video><figcaption class=\"wp-element-caption\"><strong>ISPAH\/JPAH Webinar - La desconexi\u00f3n entre la pol\u00edtica y la pr\u00e1ctica de la actividad f\u00edsica<\/strong><br>20 de octubre de 2023<\/figcaption><\/figure>\n<\/div>\n\n\n\n<div class=\"wp-block-group has-border-color has-base-background-color has-background is-layout-flow wp-block-group-is-layout-flow\" style=\"border-color:#E5E7EB;border-width:1px;border-radius:10px;padding-top:var(--wp--preset--spacing--10);padding-right:var(--wp--preset--spacing--10);padding-bottom:0;padding-left:var(--wp--preset--spacing--10)\">\n<figure class=\"wp-block-embed is-type-video is-provider-youtube wp-block-embed-youtube wp-embed-aspect-16-9 wp-has-aspect-ratio\"><div class=\"wp-block-embed__wrapper\">\n<iframe title=\"Taller del Consejo de los PBMI: Dragons&#039; Den - Cultivar las ideas de investigaci\u00f3n\" width=\"500\" height=\"281\" src=\"https:\/\/www.youtube.com\/embed\/UrM51S1h_mg?feature=oembed\" frameborder=\"0\" allow=\"accelerometer; autoplay; clipboard-write; encrypted-media; gyroscope; picture-in-picture; web-share\" referrerpolicy=\"strict-origin-when-cross-origin\" allowfullscreen><\/iframe>\n<\/div><figcaption class=\"wp-element-caption\"><strong>Taller del Consejo de los PBMI: Dragon's Den - Cultivando ideas de investigaci\u00f3n<\/strong><br>10 de marzo de 2023<\/figcaption><\/figure>\n<\/div>\n\n\n\n<div class=\"wp-block-group has-border-color has-base-background-color has-background is-layout-flow wp-block-group-is-layout-flow\" style=\"border-color:#E5E7EB;border-width:1px;border-radius:10px;padding-top:var(--wp--preset--spacing--10);padding-right:var(--wp--preset--spacing--10);padding-bottom:0;padding-left:var(--wp--preset--spacing--10)\">\n<figure class=\"wp-block-embed is-type-video is-provider-youtube wp-block-embed-youtube wp-embed-aspect-16-9 wp-has-aspect-ratio\"><div class=\"wp-block-embed__wrapper\">\n<iframe title=\"Evento sat\u00e9lite: Hacia las primeras directrices basadas en dispositivos de actividad f\u00edsica, comportamiento sedentario.....\" width=\"500\" height=\"281\" src=\"https:\/\/www.youtube.com\/embed\/CZybyXLQkJc?feature=oembed\" frameborder=\"0\" allow=\"accelerometer; autoplay; clipboard-write; encrypted-media; gyroscope; picture-in-picture; web-share\" referrerpolicy=\"strict-origin-when-cross-origin\" allowfullscreen><\/iframe>\n<\/div><figcaption class=\"wp-element-caption\"><strong>Webinar ISPAH\/ProPASS - Evento sat\u00e9lite del Congreso: Hacia las primeras directrices basadas en dispositivos de actividad f\u00edsica, comportamiento sedentario y sue\u00f1o<\/strong><br>2 de noviembre de 2022<\/figcaption><\/figure>\n<\/div>\n\n\n\n<div class=\"wp-block-group has-border-color has-base-background-color has-background is-layout-flow wp-block-group-is-layout-flow\" style=\"border-color:#E5E7EB;border-width:1px;border-radius:10px;padding-top:var(--wp--preset--spacing--10);padding-right:var(--wp--preset--spacing--10);padding-bottom:0;padding-left:var(--wp--preset--spacing--10)\">\n<figure class=\"wp-block-embed is-type-video is-provider-youtube wp-block-embed-youtube wp-embed-aspect-16-9 wp-has-aspect-ratio\"><div class=\"wp-block-embed__wrapper\">\n<iframe title=\"Abordar la salud mental de los profesionales que inician su carrera: ISPAH &amp; ASPA Early Career Network\" width=\"500\" height=\"281\" src=\"https:\/\/www.youtube.com\/embed\/hwDlaHpSRQY?feature=oembed\" frameborder=\"0\" allow=\"accelerometer; autoplay; clipboard-write; encrypted-media; gyroscope; picture-in-picture; web-share\" referrerpolicy=\"strict-origin-when-cross-origin\" allowfullscreen><\/iframe>\n<\/div><figcaption class=\"wp-element-caption\"><strong>Abordar la salud mental de los profesionales que inician su carrera: ISPAH &amp; ASPA Early Career Network<\/strong><br>26 de abril de 2022<\/figcaption><\/figure>\n<\/div>\n\n\n\n<div class=\"wp-block-group has-border-color has-base-background-color has-background is-layout-flow wp-block-group-is-layout-flow\" style=\"border-color:#E5E7EB;border-width:1px;border-radius:10px;padding-top:var(--wp--preset--spacing--10);padding-right:var(--wp--preset--spacing--10);padding-bottom:0;padding-left:var(--wp--preset--spacing--10)\">\n<figure class=\"wp-block-embed is-type-video is-provider-youtube wp-block-embed-youtube wp-embed-aspect-16-9 wp-has-aspect-ratio\"><div class=\"wp-block-embed__wrapper\">\n<iframe title=\"Early Career Workshop 2021 - organizado por la Early Career Network\" width=\"500\" height=\"281\" src=\"https:\/\/www.youtube.com\/embed\/ayoBN3Ec7Qs?feature=oembed\" frameborder=\"0\" allow=\"accelerometer; autoplay; clipboard-write; encrypted-media; gyroscope; picture-in-picture; web-share\" referrerpolicy=\"strict-origin-when-cross-origin\" allowfullscreen><\/iframe>\n<\/div><figcaption class=\"wp-element-caption\"><strong>Taller para j\u00f3venes profesionales<\/strong><br>11 de octubre de 2021<\/figcaption><\/figure>\n<\/div>\n\n\n\n<div class=\"wp-block-group has-border-color has-base-background-color has-background is-layout-flow wp-block-group-is-layout-flow\" style=\"border-color:#E5E7EB;border-width:1px;border-radius:10px;padding-top:var(--wp--preset--spacing--10);padding-right:var(--wp--preset--spacing--10);padding-bottom:0;padding-left:var(--wp--preset--spacing--10)\">\n<figure class=\"wp-block-embed is-type-video is-provider-youtube wp-block-embed-youtube wp-embed-aspect-16-9 wp-has-aspect-ratio\"><div class=\"wp-block-embed__wrapper\">\n<iframe title=\"Webinar: \u00a1Lanzamiento del 2\u00ba Almanaque de la Actividad F\u00edsica - GoPA! Fichas de pa\u00edses\" width=\"500\" height=\"281\" src=\"https:\/\/www.youtube.com\/embed\/UGS0jJhKY6k?feature=oembed\" frameborder=\"0\" allow=\"accelerometer; autoplay; clipboard-write; encrypted-media; gyroscope; picture-in-picture; web-share\" referrerpolicy=\"strict-origin-when-cross-origin\" allowfullscreen><\/iframe>\n<\/div><figcaption class=\"wp-element-caption\"><strong>\u00a1Seminario web GoPA! \u00a1Lanzamiento del 2\u00ba Almanaque de la Actividad F\u00edsica - GoPA! Fichas de pa\u00edses<\/strong><br>11 de agosto de 2021<\/figcaption><\/figure>\n<\/div>\n\n\n\n<div class=\"wp-block-group has-border-color has-base-background-color has-background is-layout-flow wp-block-group-is-layout-flow\" style=\"border-color:#E5E7EB;border-width:1px;border-radius:10px;padding-top:var(--wp--preset--spacing--10);padding-right:var(--wp--preset--spacing--10);padding-bottom:0;padding-left:var(--wp--preset--spacing--10)\">\n<figure class=\"wp-block-embed is-type-video is-provider-youtube wp-block-embed-youtube wp-embed-aspect-16-9 wp-has-aspect-ratio\"><div class=\"wp-block-embed__wrapper\">\n<iframe title=\"Seminario web de ASPA: Ocho inversiones que funcionan para la actividad f\u00edsica\" width=\"500\" height=\"281\" src=\"https:\/\/www.youtube.com\/embed\/oDVj6NUVJ5I?feature=oembed\" frameborder=\"0\" allow=\"accelerometer; autoplay; clipboard-write; encrypted-media; gyroscope; picture-in-picture; web-share\" referrerpolicy=\"strict-origin-when-cross-origin\" allowfullscreen><\/iframe>\n<\/div><figcaption class=\"wp-element-caption\"><strong>Seminario web de ASPA: Ocho inversiones que funcionan para la actividad f\u00edsica<\/strong><br>12 de julio de 2021<\/figcaption><\/figure>\n<\/div>\n\n\n\n<div class=\"wp-block-group has-border-color has-base-background-color has-background is-layout-flow wp-block-group-is-layout-flow\" style=\"border-color:#E5E7EB;border-width:1px;border-radius:10px;padding-top:var(--wp--preset--spacing--10);padding-right:var(--wp--preset--spacing--10);padding-bottom:0;padding-left:var(--wp--preset--spacing--10)\">\n<figure class=\"wp-block-embed is-type-video is-provider-youtube wp-block-embed-youtube wp-embed-aspect-16-9 wp-has-aspect-ratio\"><div class=\"wp-block-embed__wrapper\">\n<iframe title=\"Seminario web 4. - \u00bfNuevas directrices, nueva vigilancia?\" width=\"500\" height=\"281\" src=\"https:\/\/www.youtube.com\/embed\/__oZZl_J25Y?feature=oembed\" frameborder=\"0\" allow=\"accelerometer; autoplay; clipboard-write; encrypted-media; gyroscope; picture-in-picture; web-share\" referrerpolicy=\"strict-origin-when-cross-origin\" allowfullscreen><\/iframe>\n<\/div><figcaption class=\"wp-element-caption\"><strong>2021 Serie de seminarios web de la ISPAH y la OMS sobre las \"Directrices de la OMS sobre actividad f\u00edsica y comportamiento sedentario: Trasladar la ciencia a la pr\u00e1ctica\"<\/strong><br><strong>Seminario web 4: \u00bfNuevas directrices, nueva vigilancia?<\/strong><br>3 de junio de 2021<\/figcaption><\/figure>\n<\/div>\n\n\n\n<div class=\"wp-block-group has-border-color has-base-background-color has-background is-layout-flow wp-block-group-is-layout-flow\" style=\"border-color:#E5E7EB;border-width:1px;border-radius:10px;padding-top:var(--wp--preset--spacing--10);padding-right:var(--wp--preset--spacing--10);padding-bottom:0;padding-left:var(--wp--preset--spacing--10)\">\n<figure class=\"wp-block-embed is-type-video is-provider-youtube wp-block-embed-youtube wp-embed-aspect-16-9 wp-has-aspect-ratio\"><div class=\"wp-block-embed__wrapper\">\n<iframe title=\"C\u00f3mo participar en el Congreso ISPAH 2021 como profesional novel - ISPAH Early Career Network\" width=\"500\" height=\"281\" src=\"https:\/\/www.youtube.com\/embed\/H3I_meESobE?feature=oembed\" frameborder=\"0\" allow=\"accelerometer; autoplay; clipboard-write; encrypted-media; gyroscope; picture-in-picture; web-share\" referrerpolicy=\"strict-origin-when-cross-origin\" allowfullscreen><\/iframe>\n<\/div><figcaption class=\"wp-element-caption\"><strong>Seminario web ISPAH ECN<\/strong><br>C\u00f3mo navegar por el Congreso 2021 de la ISPAH como profesional principiante<br>1 de junio de 2021<\/figcaption><\/figure>\n<\/div>\n\n\n\n<div class=\"wp-block-group has-border-color has-base-background-color has-background is-layout-flow wp-block-group-is-layout-flow\" style=\"border-color:#E5E7EB;border-width:1px;border-radius:10px;padding-top:var(--wp--preset--spacing--10);padding-right:var(--wp--preset--spacing--10);padding-bottom:0;padding-left:var(--wp--preset--spacing--10)\">\n<figure class=\"wp-block-embed is-type-video is-provider-youtube wp-block-embed-youtube wp-embed-aspect-16-9 wp-has-aspect-ratio\"><div class=\"wp-block-embed__wrapper\">\n<iframe title=\"Un sistema de actividad f\u00edsica y deporte m\u00e1s fuerte y justo para todos: ReINVENT y ReBUILD\" width=\"500\" height=\"281\" src=\"https:\/\/www.youtube.com\/embed\/BnBcdI-VUbs?feature=oembed\" frameborder=\"0\" allow=\"accelerometer; autoplay; clipboard-write; encrypted-media; gyroscope; picture-in-picture; web-share\" referrerpolicy=\"strict-origin-when-cross-origin\" allowfullscreen><\/iframe>\n<\/div><figcaption class=\"wp-element-caption\"><strong>Seminario web de la OMS<\/strong><br><strong>Un sistema de actividad f\u00edsica y deporte m\u00e1s fuerte y justo para todos: ReINVENT y ReBUILD<\/strong><br>6 Abr 2021<\/figcaption><\/figure>\n<\/div>\n\n\n\n<div class=\"wp-block-group has-border-color has-base-background-color has-background is-layout-flow wp-block-group-is-layout-flow\" style=\"border-color:#E5E7EB;border-width:1px;border-radius:10px;padding-top:var(--wp--preset--spacing--10);padding-right:var(--wp--preset--spacing--10);padding-bottom:0;padding-left:var(--wp--preset--spacing--10)\">\n<figure class=\"wp-block-embed is-type-video is-provider-youtube wp-block-embed-youtube wp-embed-aspect-16-9 wp-has-aspect-ratio\"><div class=\"wp-block-embed__wrapper\">\n<iframe title=\"Actividad f\u00edsica durante COVID-19: retos y oportunidades para los profesionales que inician su carrera profesional\" width=\"500\" height=\"281\" src=\"https:\/\/www.youtube.com\/embed\/51J4hlmlUrw?feature=oembed\" frameborder=\"0\" allow=\"accelerometer; autoplay; clipboard-write; encrypted-media; gyroscope; picture-in-picture; web-share\" referrerpolicy=\"strict-origin-when-cross-origin\" allowfullscreen><\/iframe>\n<\/div><figcaption class=\"wp-element-caption\"><strong>Seminario de ISPAH y HEPA Europe sobre el inicio de la carrera profesional<\/strong><br><strong>Actividad f\u00edsica e investigaci\u00f3n sanitaria durante la pandemia de COVID-19: retos y oportunidades para los profesionales que inician su carrera\".<\/strong><br>1 de abril de 2021<\/figcaption><\/figure>\n<\/div>\n\n\n\n<div class=\"wp-block-group has-border-color has-base-background-color has-background is-layout-flow wp-block-group-is-layout-flow\" style=\"border-color:#E5E7EB;border-width:1px;border-radius:10px;padding-top:var(--wp--preset--spacing--10);padding-right:var(--wp--preset--spacing--10);padding-bottom:0;padding-left:var(--wp--preset--spacing--10)\">\n<figure class=\"wp-block-embed is-type-video is-provider-youtube wp-block-embed-youtube wp-embed-aspect-16-9 wp-has-aspect-ratio\"><div class=\"wp-block-embed__wrapper\">\n<iframe title=\"Webinar 2. \u00bfPor qu\u00e9 y c\u00f3mo reducir el sedentarismo?\" width=\"500\" height=\"281\" src=\"https:\/\/www.youtube.com\/embed\/QvW5ETkhawc?feature=oembed\" frameborder=\"0\" allow=\"accelerometer; autoplay; clipboard-write; encrypted-media; gyroscope; picture-in-picture; web-share\" referrerpolicy=\"strict-origin-when-cross-origin\" allowfullscreen><\/iframe>\n<\/div><figcaption class=\"wp-element-caption\"><strong>2021 Serie de seminarios web de la ISPAH y la OMS sobre las \"Directrices de la OMS sobre actividad f\u00edsica y comportamiento sedentario: Trasladar la ciencia a la pr\u00e1ctica\"<\/strong><br><strong>Webinar 2: \u00bfPor qu\u00e9 y c\u00f3mo reducir el sedentarismo?<\/strong><br>4 mar 2021<\/figcaption><\/figure>\n<\/div>\n\n\n\n<div class=\"wp-block-group has-border-color has-base-background-color has-background is-layout-flow wp-block-group-is-layout-flow\" style=\"border-color:#E5E7EB;border-width:1px;border-radius:10px;padding-top:var(--wp--preset--spacing--10);padding-right:var(--wp--preset--spacing--10);padding-bottom:0;padding-left:var(--wp--preset--spacing--10)\">\n<figure class=\"wp-block-embed is-type-video is-provider-youtube wp-block-embed-youtube wp-embed-aspect-16-9 wp-has-aspect-ratio\"><div class=\"wp-block-embed__wrapper\">\n<iframe title=\"La ciencia detr\u00e1s de la segunda serie de fichas de pa\u00eds del Observatorio Mundial de la Actividad F\u00edsica\" width=\"500\" height=\"281\" src=\"https:\/\/www.youtube.com\/embed\/Anqy_soykvQ?feature=oembed\" frameborder=\"0\" allow=\"accelerometer; autoplay; clipboard-write; encrypted-media; gyroscope; picture-in-picture; web-share\" referrerpolicy=\"strict-origin-when-cross-origin\" allowfullscreen><\/iframe>\n<\/div><figcaption class=\"wp-element-caption\"><strong>La ciencia detr\u00e1s de la segunda serie de fichas de pa\u00eds del Observatorio Mundial de la Actividad F\u00edsica.<\/strong><br>15 feb 2021<\/figcaption><\/figure>\n<\/div>\n\n\n\n<div class=\"wp-block-group has-border-color has-base-background-color has-background is-layout-flow wp-block-group-is-layout-flow\" style=\"border-color:#E5E7EB;border-width:1px;border-radius:10px;padding-top:var(--wp--preset--spacing--10);padding-right:var(--wp--preset--spacing--10);padding-bottom:0;padding-left:var(--wp--preset--spacing--10)\">\n<figure class=\"wp-block-embed is-type-video is-provider-youtube wp-block-embed-youtube wp-embed-aspect-16-9 wp-has-aspect-ratio\"><div class=\"wp-block-embed__wrapper\">\n<iframe title=\"Seminario web 1. C\u00f3mo se pueden utilizar las directrices para generar un cambio de comportamiento respecto a la actividad f\u00edsica\" width=\"500\" height=\"281\" src=\"https:\/\/www.youtube.com\/embed\/Yz_SelUiih0?feature=oembed\" frameborder=\"0\" allow=\"accelerometer; autoplay; clipboard-write; encrypted-media; gyroscope; picture-in-picture; web-share\" referrerpolicy=\"strict-origin-when-cross-origin\" allowfullscreen><\/iframe>\n<\/div><figcaption class=\"wp-element-caption\"><strong>2021 Serie de seminarios web de la ISPAH y la OMS sobre las \"Directrices de la OMS sobre actividad f\u00edsica y comportamiento sedentario: Trasladar la ciencia a la pr\u00e1ctica\"<\/strong><br><strong>Seminario web 1: C\u00f3mo pueden utilizarse las directrices para generar un cambio de comportamiento respecto a la actividad f\u00edsica<\/strong><br>4 de febrero de 2021<\/figcaption><\/figure>\n<\/div>\n\n\n\n<div class=\"wp-block-group has-border-color has-base-background-color has-background is-layout-flow wp-block-group-is-layout-flow\" style=\"border-color:#E5E7EB;border-width:1px;border-radius:10px;padding-top:var(--wp--preset--spacing--10);padding-right:var(--wp--preset--spacing--10);padding-bottom:0;padding-left:var(--wp--preset--spacing--10)\">\n<figure class=\"wp-block-embed is-type-video is-provider-youtube wp-block-embed-youtube wp-embed-aspect-16-9 wp-has-aspect-ratio\"><div class=\"wp-block-embed__wrapper\">\n<iframe title=\"Webinar: La ciencia tras las directrices de la OMS sobre actividad f\u00edsica y sedentarismo\" width=\"500\" height=\"281\" src=\"https:\/\/www.youtube.com\/embed\/iw8L87W_70U?feature=oembed\" frameborder=\"0\" allow=\"accelerometer; autoplay; clipboard-write; encrypted-media; gyroscope; picture-in-picture; web-share\" referrerpolicy=\"strict-origin-when-cross-origin\" allowfullscreen><\/iframe>\n<\/div><figcaption class=\"wp-element-caption\"><strong>La ciencia detr\u00e1s de las Directrices de la OMS sobre Actividad F\u00edsica y Sedentarismo<\/strong><br>3 de diciembre de 2020<\/figcaption><\/figure>\n<\/div>\n\n\n\n<div class=\"wp-block-group has-border-color has-base-background-color has-background is-layout-flow wp-block-group-is-layout-flow\" style=\"border-color:#E5E7EB;border-width:1px;border-radius:10px;padding-top:var(--wp--preset--spacing--10);padding-right:var(--wp--preset--spacing--10);padding-bottom:0;padding-left:var(--wp--preset--spacing--10)\">\n<figure class=\"wp-block-embed is-type-video is-provider-youtube wp-block-embed-youtube wp-embed-aspect-16-9 wp-has-aspect-ratio\"><div class=\"wp-block-embed__wrapper\">\n<iframe title=\"Aprendizajes cient\u00edficos de aplicaci\u00f3n r\u00e1pida\" width=\"500\" height=\"281\" src=\"https:\/\/www.youtube.com\/embed\/IE4RMQgUvQA?feature=oembed\" frameborder=\"0\" allow=\"accelerometer; autoplay; clipboard-write; encrypted-media; gyroscope; picture-in-picture; web-share\" referrerpolicy=\"strict-origin-when-cross-origin\" allowfullscreen><\/iframe>\n<\/div><figcaption class=\"wp-element-caption\"><strong>Aprendizajes cient\u00edficos de aplicaci\u00f3n r\u00e1pida<\/strong><br>26 feb 2020<\/figcaption><\/figure>\n<\/div>\n\n\n\n<div class=\"wp-block-group has-border-color has-base-background-color has-background is-layout-flow wp-block-group-is-layout-flow\" style=\"border-color:#E5E7EB;border-width:1px;border-radius:10px;padding-top:var(--wp--preset--spacing--10);padding-right:var(--wp--preset--spacing--10);padding-bottom:0;padding-left:var(--wp--preset--spacing--10)\">\n<figure class=\"wp-block-embed is-type-video is-provider-youtube wp-block-embed-youtube wp-embed-aspect-16-9 wp-has-aspect-ratio\"><div class=\"wp-block-embed__wrapper\">\n<iframe title=\"Webinar de 30 minutos | \u00bfES LA DEFINICI\u00d3N DE ACTIVIDAD F\u00cdSICA DEMASIADO ESTRECHA?\" width=\"500\" height=\"281\" src=\"https:\/\/www.youtube.com\/embed\/cTkMNRNef2E?feature=oembed\" frameborder=\"0\" allow=\"accelerometer; autoplay; clipboard-write; encrypted-media; gyroscope; picture-in-picture; web-share\" referrerpolicy=\"strict-origin-when-cross-origin\" allowfullscreen><\/iframe>\n<\/div><figcaption class=\"wp-element-caption\"><strong>\u00bfEs demasiado restrictiva la definici\u00f3n de actividad f\u00edsica?<\/strong><br>29 oct 2019<\/figcaption><\/figure>\n<\/div>\n\n\n\n<div class=\"wp-block-group has-border-color has-base-background-color has-background is-layout-flow wp-block-group-is-layout-flow\" style=\"border-color:#E5E7EB;border-width:1px;border-radius:10px;padding-top:var(--wp--preset--spacing--10);padding-right:var(--wp--preset--spacing--10);padding-bottom:0;padding-left:var(--wp--preset--spacing--10)\">\n<figure class=\"wp-block-embed is-type-video is-provider-youtube wp-block-embed-youtube wp-embed-aspect-16-9 wp-has-aspect-ratio\"><div class=\"wp-block-embed__wrapper\">\n<iframe title=\"Aprovechar al m\u00e1ximo una conferencia: Qu\u00e9 hacer antes, durante y despu\u00e9s\" width=\"500\" height=\"281\" src=\"https:\/\/www.youtube.com\/embed\/hXbq5GJMiMA?start=1&#038;feature=oembed\" frameborder=\"0\" allow=\"accelerometer; autoplay; clipboard-write; encrypted-media; gyroscope; picture-in-picture; web-share\" referrerpolicy=\"strict-origin-when-cross-origin\" allowfullscreen><\/iframe>\n<\/div><figcaption class=\"wp-element-caption\"><strong>Aprovechar al m\u00e1ximo una conferencia: Qu\u00e9 hacer antes, durante y despu\u00e9s<\/strong><br>28 de mayo de 2019<\/figcaption><\/figure>\n<\/div>\n\n\n\n<div class=\"wp-block-group has-border-color has-base-background-color has-background is-layout-flow wp-block-group-is-layout-flow\" style=\"border-color:#E5E7EB;border-width:1px;border-radius:10px;padding-top:var(--wp--preset--spacing--10);padding-right:var(--wp--preset--spacing--10);padding-bottom:0;padding-left:var(--wp--preset--spacing--10)\">\n<figure class=\"wp-block-embed is-type-video is-provider-youtube wp-block-embed-youtube wp-embed-aspect-16-9 wp-has-aspect-ratio\"><div class=\"wp-block-embed__wrapper\">\n<iframe title=\"ISBNPA NESIMNC e ISPAH Webinar Mentoring in health behavior research (en ingl\u00e9s)\" width=\"500\" height=\"281\" src=\"https:\/\/www.youtube.com\/embed\/qxO68brYAUU?feature=oembed\" frameborder=\"0\" allow=\"accelerometer; autoplay; clipboard-write; encrypted-media; gyroscope; picture-in-picture; web-share\" referrerpolicy=\"strict-origin-when-cross-origin\" allowfullscreen><\/iframe>\n<\/div><figcaption class=\"wp-element-caption\"><strong>ISBNPA NESIMNC e ISPAH Webinar Mentoring in health behavior research (en ingl\u00e9s)<\/strong><br>19 mar 2019<\/figcaption><\/figure>\n<\/div>\n\n\n\n<div class=\"wp-block-group has-border-color has-base-background-color has-background is-layout-flow wp-block-group-is-layout-flow\" style=\"border-color:#E5E7EB;border-width:1px;border-radius:10px;padding-top:var(--wp--preset--spacing--10);padding-right:var(--wp--preset--spacing--10);padding-bottom:0;padding-left:var(--wp--preset--spacing--10)\">\n<figure class=\"wp-block-embed is-type-video is-provider-youtube wp-block-embed-youtube wp-embed-aspect-16-9 wp-has-aspect-ratio\"><div class=\"wp-block-embed__wrapper\">\n<iframe title=\"NESI ISBNPA ISPAH ECN Webinar: Sobrevivir al doctorado sin agotarse\" width=\"500\" height=\"281\" src=\"https:\/\/www.youtube.com\/embed\/RpfkVsTHo3s?feature=oembed\" frameborder=\"0\" allow=\"accelerometer; autoplay; clipboard-write; encrypted-media; gyroscope; picture-in-picture; web-share\" referrerpolicy=\"strict-origin-when-cross-origin\" allowfullscreen><\/iframe>\n<\/div><figcaption class=\"wp-element-caption\"><strong>NESI ISBNPA ISPAH ECN Webinar: Sobrevivir al doctorado sin agotarse<\/strong><br>26 nov 2018<\/figcaption><\/figure>\n<\/div>\n\n\n\n<div class=\"wp-block-group has-border-color has-base-background-color has-background is-layout-flow wp-block-group-is-layout-flow\" style=\"border-color:#E5E7EB;border-width:1px;border-radius:10px;padding-top:var(--wp--preset--spacing--10);padding-right:var(--wp--preset--spacing--10);padding-bottom:0;padding-left:var(--wp--preset--spacing--10)\">\n<figure class=\"wp-block-embed is-type-video is-provider-youtube wp-block-embed-youtube wp-embed-aspect-16-9 wp-has-aspect-ratio\"><div class=\"wp-block-embed__wrapper\">\n<iframe title=\"ISPAH ISBNPA Webinar: Difundir los resultados de la investigaci\u00f3n para aumentar la audiencia y el alcance\" width=\"500\" height=\"281\" src=\"https:\/\/www.youtube.com\/embed\/L4ibsL8k6CE?feature=oembed\" frameborder=\"0\" allow=\"accelerometer; autoplay; clipboard-write; encrypted-media; gyroscope; picture-in-picture; web-share\" referrerpolicy=\"strict-origin-when-cross-origin\" allowfullscreen><\/iframe>\n<\/div><figcaption class=\"wp-element-caption\"><strong>ISPAH ISBNPA Webinar: Difundir los resultados de la investigaci\u00f3n para aumentar la audiencia y el alcance<\/strong><br>17 Sep 2018<\/figcaption><\/figure>\n<\/div>\n\n\n\n<div class=\"wp-block-group has-border-color has-base-background-color has-background is-layout-flow wp-block-group-is-layout-flow\" style=\"border-color:#E5E7EB;border-width:1px;border-radius:10px;padding-top:var(--wp--preset--spacing--10);padding-right:var(--wp--preset--spacing--10);padding-bottom:0;padding-left:var(--wp--preset--spacing--10)\">\n<figure class=\"wp-block-embed is-type-video is-provider-youtube wp-block-embed-youtube wp-embed-aspect-16-9 wp-has-aspect-ratio\"><div class=\"wp-block-embed__wrapper\">\n<iframe title=\"Plan de acci\u00f3n mundial de la OMS sobre actividad f\u00edsica\" width=\"500\" height=\"281\" src=\"https:\/\/www.youtube.com\/embed\/RODyKHFsnwE?feature=oembed\" frameborder=\"0\" allow=\"accelerometer; autoplay; clipboard-write; encrypted-media; gyroscope; picture-in-picture; web-share\" referrerpolicy=\"strict-origin-when-cross-origin\" allowfullscreen><\/iframe>\n<\/div><figcaption class=\"wp-element-caption\"><strong>Plan de acci\u00f3n mundial de la OMS sobre actividad f\u00edsica<\/strong><br>9 ago 2018<\/figcaption><\/figure>\n<\/div>\n\n\n\n<div class=\"wp-block-group has-border-color has-base-background-color has-background is-layout-flow wp-block-group-is-layout-flow\" style=\"border-color:#E5E7EB;border-width:1px;border-radius:10px;padding-top:var(--wp--preset--spacing--10);padding-right:var(--wp--preset--spacing--10);padding-bottom:0;padding-left:var(--wp--preset--spacing--10)\">\n<figure class=\"wp-block-embed is-type-video is-provider-youtube wp-block-embed-youtube wp-embed-aspect-16-9 wp-has-aspect-ratio\"><div class=\"wp-block-embed__wrapper\">\n<iframe title=\"ISBNPA ISPAH Webinar Publicaci\u00f3n de art\u00edculos de alto impacto: Perspectiva del investigador y del editor\" width=\"500\" height=\"281\" src=\"https:\/\/www.youtube.com\/embed\/mZvVYWy5IB8?feature=oembed\" frameborder=\"0\" allow=\"accelerometer; autoplay; clipboard-write; encrypted-media; gyroscope; picture-in-picture; web-share\" referrerpolicy=\"strict-origin-when-cross-origin\" allowfullscreen><\/iframe>\n<\/div><figcaption class=\"wp-element-caption\"><strong>ISBNPA ISPAH Webinar Publicaci\u00f3n de art\u00edculos de alto impacto: Perspectiva del investigador y del editor<\/strong><br>8 de mayo de 2018<\/figcaption><\/figure>\n<\/div>\n\n\n\n<div class=\"wp-block-group has-border-color has-base-background-color has-background is-layout-flow wp-block-group-is-layout-flow\" style=\"border-color:#E5E7EB;border-width:1px;border-radius:10px;padding-top:var(--wp--preset--spacing--10);padding-right:var(--wp--preset--spacing--10);padding-bottom:0;padding-left:var(--wp--preset--spacing--10)\">\n<figure class=\"wp-block-embed is-type-video is-provider-youtube wp-block-embed-youtube wp-embed-aspect-16-9 wp-has-aspect-ratio\"><div class=\"wp-block-embed__wrapper\">\n<iframe title=\"Seminario web conjunto de la ISPAH y la ISBNPA: C\u00f3mo hacer y c\u00f3mo no hacer una revisi\u00f3n por pares desde la perspectiva de un r\" width=\"500\" height=\"281\" src=\"https:\/\/www.youtube.com\/embed\/qt7KmuVwoDk?feature=oembed\" frameborder=\"0\" allow=\"accelerometer; autoplay; clipboard-write; encrypted-media; gyroscope; picture-in-picture; web-share\" referrerpolicy=\"strict-origin-when-cross-origin\" allowfullscreen><\/iframe>\n<\/div><figcaption class=\"wp-element-caption\"><strong>Seminario web conjunto de la ISPAH y la ISBNPA: C\u00f3mo hacer y c\u00f3mo no hacer una revisi\u00f3n por pares: perspectivas de un revisor y un director de revista<\/strong><br>19 mar 2018<\/figcaption><\/figure>\n<\/div>\n\n\n\n<div class=\"wp-block-group has-border-color has-base-background-color has-background is-layout-flow wp-block-group-is-layout-flow\" style=\"border-color:#E5E7EB;border-width:1px;border-radius:10px;padding-top:var(--wp--preset--spacing--10);padding-right:var(--wp--preset--spacing--10);padding-bottom:0;padding-left:var(--wp--preset--spacing--10)\">\n<figure class=\"wp-block-embed is-type-video is-provider-youtube wp-block-embed-youtube wp-embed-aspect-16-9 wp-has-aspect-ratio\"><div class=\"wp-block-embed__wrapper\">\n<iframe title=\"ISBNPA NESI ISPAH Webinar conjunto Trabajar en la sanidad p\u00fablica\" width=\"500\" height=\"281\" src=\"https:\/\/www.youtube.com\/embed\/OyD-k_20n7k?feature=oembed\" frameborder=\"0\" allow=\"accelerometer; autoplay; clipboard-write; encrypted-media; gyroscope; picture-in-picture; web-share\" referrerpolicy=\"strict-origin-when-cross-origin\" allowfullscreen><\/iframe>\n<\/div><figcaption class=\"wp-element-caption\"><strong>ISBNPA NESI ISPAH Webinar conjunto Trabajar en la sanidad p\u00fablica<\/strong><br>21 de noviembre de 2017<\/figcaption><\/figure>\n<\/div>\n<\/div>","protected":false},"excerpt":{"rendered":"<p>La ISPAH organiza peri\u00f3dicamente seminarios web sobre cuestiones clave relacionadas con la actividad f\u00edsica y la salud. A continuaci\u00f3n encontrar\u00e1 informaci\u00f3n detallada sobre todos los seminarios anteriores y enlaces a las grabaciones de los mismos. Para obtener acceso completo a nuestros seminarios web exclusivos, conferencias magistrales y v\u00eddeos, inscr\u00edbase como miembro de ISPAH.\u00a0<\/p>","protected":false},"author":1,"featured_media":7133,"parent":4263,"menu_order":0,"comment_status":"closed","ping_status":"closed","template":"page-grey","meta":{"_jf_schedule_form":"","_jf_limit_responses":"","country-income-classification":"","slim_seo":{"title":"Seminarios web gratuitos - ISPAH","description":"Inicio ISPAH organiza peri\u00f3dicamente seminarios web sobre cuestiones clave relacionadas con la actividad f\u00edsica y la salud - incluyendo m\u00e1s recientemente una serie de seminarios web conjuntos de ISPAH y la OMS sobre las \"Directrices de la OMS sobre actividad f\u00edsica y comportamiento sedentario: Trasladar la ciencia a la pr\u00e1ctica\". Los detalles de todos los seminarios anteriores y los enlaces a las grabaciones..."},"footnotes":""},"class_list":["post-4267","page","type-page","status-publish","has-post-thumbnail","hentry"],"_links":{"self":[{"href":"https:\/\/ispah.tecology-hosting.co\/es_es\/wp-json\/wp\/v2\/pages\/4267","targetHints":{"allow":["GET"]}}],"collection":[{"href":"https:\/\/ispah.tecology-hosting.co\/es_es\/wp-json\/wp\/v2\/pages"}],"about":[{"href":"https:\/\/ispah.tecology-hosting.co\/es_es\/wp-json\/wp\/v2\/types\/page"}],"author":[{"embeddable":true,"href":"https:\/\/ispah.tecology-hosting.co\/es_es\/wp-json\/wp\/v2\/users\/1"}],"replies":[{"embeddable":true,"href":"https:\/\/ispah.tecology-hosting.co\/es_es\/wp-json\/wp\/v2\/comments?post=4267"}],"version-history":[{"count":1,"href":"https:\/\/ispah.tecology-hosting.co\/es_es\/wp-json\/wp\/v2\/pages\/4267\/revisions"}],"predecessor-version":[{"id":34197,"href":"https:\/\/ispah.tecology-hosting.co\/es_es\/wp-json\/wp\/v2\/pages\/4267\/revisions\/34197"}],"up":[{"embeddable":true,"href":"https:\/\/ispah.tecology-hosting.co\/es_es\/wp-json\/wp\/v2\/pages\/4263"}],"wp:featuredmedia":[{"embeddable":true,"href":"https:\/\/ispah.tecology-hosting.co\/es_es\/wp-json\/wp\/v2\/media\/7133"}],"wp:attachment":[{"href":"https:\/\/ispah.tecology-hosting.co\/es_es\/wp-json\/wp\/v2\/media?parent=4267"}],"curies":[{"name":"wp","href":"https:\/\/api.w.org\/{rel}","templated":true}]}}