{"id":4267,"date":"2019-05-20T00:09:11","date_gmt":"2019-05-19T23:09:11","guid":{"rendered":"http:\/\/ispah.xyz\/blog\/?page_id=4267"},"modified":"2025-05-30T01:23:45","modified_gmt":"2025-05-30T00:23:45","slug":"kostenlose-webinare","status":"publish","type":"page","link":"https:\/\/ispah.tecology-hosting.co\/de\/resources\/free-webinars\/","title":{"rendered":"Kostenlose Webinare"},"content":{"rendered":"<div class=\"wp-block-group has-border-color has-base-background-color has-background is-layout-flow wp-block-group-is-layout-flow\" style=\"border-color:#E5E7EB;border-width:1px;border-radius:10px;padding-top:var(--wp--preset--spacing--20);padding-right:var(--wp--preset--spacing--20);padding-bottom:var(--wp--preset--spacing--20);padding-left:var(--wp--preset--spacing--20)\">\n<p class=\"wp-block-paragraph\">Die ISPAH veranstaltet regelm\u00e4\u00dfig Webinare zu wichtigen Themen im Zusammenhang mit k\u00f6rperlicher Aktivit\u00e4t und Gesundheit. Einzelheiten zu allen bisherigen Webinaren und Links zu den Webinar-Aufzeichnungen finden Sie unten. Um vollen Zugang zu unseren exklusiven Webinaren, Kongress-Keynotes und Videos zu erhalten, melden Sie sich bitte an, um Mitglied der ISPAH zu werden.\u00a0<\/p>\n<\/div>\n\n\n\n<div class=\"wp-block-group is-layout-grid wp-container-core-group-is-layout-41a8953e wp-block-group-is-layout-grid\">\n<div class=\"wp-block-group has-border-color has-base-background-color has-background is-layout-flow wp-block-group-is-layout-flow\" style=\"border-color:#E5E7EB;border-width:1px;border-radius:10px;padding-top:var(--wp--preset--spacing--10);padding-right:var(--wp--preset--spacing--10);padding-bottom:0;padding-left:var(--wp--preset--spacing--10)\">\n<figure class=\"wp-block-video\"><video controls src=\"https:\/\/ispah.b-cdn.net\/Webinars\/ISPAH-JPAH%20Early%20Career%20Social%20Webinar.mp4\"><\/video><figcaption class=\"wp-element-caption\"><strong>ISPAH\/JPAH Webinar - Soziale Netzwerke f\u00fcr Nachwuchswissenschaftler: Lehren aus der Bill Kohl Peer Review Academy<\/strong><br>20. Mai 2025<\/figcaption><\/figure>\n<\/div>\n\n\n\n<div class=\"wp-block-group has-border-color has-base-background-color has-background is-layout-flow wp-block-group-is-layout-flow\" style=\"border-color:#E5E7EB;border-width:1px;border-radius:10px;padding-top:var(--wp--preset--spacing--10);padding-right:var(--wp--preset--spacing--10);padding-bottom:0;padding-left:var(--wp--preset--spacing--10)\">\n<figure class=\"wp-block-video\"><video controls src=\"https:\/\/ispah.b-cdn.net\/Webinars\/Recorded%20ECR%20webinar.mp4\"><\/video><figcaption class=\"wp-element-caption\"><strong>ISPAH\/JPAH Webinar - Soziale Netzwerke f\u00fcr Berufseinsteiger: Erleichterung von Peer-to-Peer-Diskussionen unter Nachwuchskr\u00e4ften<\/strong><br>16. November 2023<\/figcaption><\/figure>\n<\/div>\n\n\n\n<div class=\"wp-block-group has-border-color has-base-background-color has-background is-layout-flow wp-block-group-is-layout-flow\" style=\"border-color:#E5E7EB;border-width:1px;border-radius:10px;padding-top:var(--wp--preset--spacing--10);padding-right:var(--wp--preset--spacing--10);padding-bottom:0;padding-left:var(--wp--preset--spacing--10)\">\n<figure class=\"wp-block-video\"><video controls src=\"https:\/\/ispah.b-cdn.net\/Webinars\/2023%2010%2020%20Recording%20The%20Physical%20Activity%20Policy%20to%20Practice%20Disconnect.mp4\"><\/video><figcaption class=\"wp-element-caption\"><strong>ISPAH\/JPAH Webinar - Der Unterschied zwischen Politik und Praxis bei k\u00f6rperlicher Aktivit\u00e4t<\/strong><br>20. Oktober 2023<\/figcaption><\/figure>\n<\/div>\n\n\n\n<div class=\"wp-block-group has-border-color has-base-background-color has-background is-layout-flow wp-block-group-is-layout-flow\" style=\"border-color:#E5E7EB;border-width:1px;border-radius:10px;padding-top:var(--wp--preset--spacing--10);padding-right:var(--wp--preset--spacing--10);padding-bottom:0;padding-left:var(--wp--preset--spacing--10)\">\n<figure class=\"wp-block-embed is-type-video is-provider-youtube wp-block-embed-youtube wp-embed-aspect-16-9 wp-has-aspect-ratio\"><div class=\"wp-block-embed__wrapper\">\n<iframe title=\"Workshop des LMIC-Rates: Dragons&#039; Den - Ideen f\u00fcr die Forschung f\u00f6rdern\" width=\"500\" height=\"281\" src=\"https:\/\/www.youtube.com\/embed\/UrM51S1h_mg?feature=oembed\" frameborder=\"0\" allow=\"accelerometer; autoplay; clipboard-write; encrypted-media; gyroscope; picture-in-picture; web-share\" referrerpolicy=\"strict-origin-when-cross-origin\" allowfullscreen><\/iframe>\n<\/div><figcaption class=\"wp-element-caption\"><strong>Workshop des LMIC-Rates: Die H\u00f6hle der Drachen - Forschungsideen f\u00f6rdern<\/strong><br>10. M\u00e4rz 2023<\/figcaption><\/figure>\n<\/div>\n\n\n\n<div class=\"wp-block-group has-border-color has-base-background-color has-background is-layout-flow wp-block-group-is-layout-flow\" style=\"border-color:#E5E7EB;border-width:1px;border-radius:10px;padding-top:var(--wp--preset--spacing--10);padding-right:var(--wp--preset--spacing--10);padding-bottom:0;padding-left:var(--wp--preset--spacing--10)\">\n<figure class=\"wp-block-embed is-type-video is-provider-youtube wp-block-embed-youtube wp-embed-aspect-16-9 wp-has-aspect-ratio\"><div class=\"wp-block-embed__wrapper\">\n<iframe title=\"Satellitenevent: Auf dem Weg zu den 1. ger\u00e4tegest\u00fctzten Leitlinien f\u00fcr k\u00f6rperliche Aktivit\u00e4t und sitzendes Verhalten.....\" width=\"500\" height=\"281\" src=\"https:\/\/www.youtube.com\/embed\/CZybyXLQkJc?feature=oembed\" frameborder=\"0\" allow=\"accelerometer; autoplay; clipboard-write; encrypted-media; gyroscope; picture-in-picture; web-share\" referrerpolicy=\"strict-origin-when-cross-origin\" allowfullscreen><\/iframe>\n<\/div><figcaption class=\"wp-element-caption\"><strong>ISPAH\/ProPASS Webinar - Kongress-Satellitenveranstaltung: Auf dem Weg zur 1. ger\u00e4tebasierten Leitlinie zu k\u00f6rperlicher Aktivit\u00e4t, sitzendem Verhalten und Schlaf<\/strong><br>2. November 2022<\/figcaption><\/figure>\n<\/div>\n\n\n\n<div class=\"wp-block-group has-border-color has-base-background-color has-background is-layout-flow wp-block-group-is-layout-flow\" style=\"border-color:#E5E7EB;border-width:1px;border-radius:10px;padding-top:var(--wp--preset--spacing--10);padding-right:var(--wp--preset--spacing--10);padding-bottom:0;padding-left:var(--wp--preset--spacing--10)\">\n<figure class=\"wp-block-embed is-type-video is-provider-youtube wp-block-embed-youtube wp-embed-aspect-16-9 wp-has-aspect-ratio\"><div class=\"wp-block-embed__wrapper\">\n<iframe title=\"Psychische Gesundheit f\u00fcr junge Berufst\u00e4tige: ISPAH &amp; ASPA Netzwerk f\u00fcr Berufseinsteiger\" width=\"500\" height=\"281\" src=\"https:\/\/www.youtube.com\/embed\/hwDlaHpSRQY?feature=oembed\" frameborder=\"0\" allow=\"accelerometer; autoplay; clipboard-write; encrypted-media; gyroscope; picture-in-picture; web-share\" referrerpolicy=\"strict-origin-when-cross-origin\" allowfullscreen><\/iframe>\n<\/div><figcaption class=\"wp-element-caption\"><strong>Psychische Gesundheit f\u00fcr junge Berufst\u00e4tige: ISPAH &amp; ASPA Netzwerk f\u00fcr Berufseinsteiger<\/strong><br>26. April 2022<\/figcaption><\/figure>\n<\/div>\n\n\n\n<div class=\"wp-block-group has-border-color has-base-background-color has-background is-layout-flow wp-block-group-is-layout-flow\" style=\"border-color:#E5E7EB;border-width:1px;border-radius:10px;padding-top:var(--wp--preset--spacing--10);padding-right:var(--wp--preset--spacing--10);padding-bottom:0;padding-left:var(--wp--preset--spacing--10)\">\n<figure class=\"wp-block-embed is-type-video is-provider-youtube wp-block-embed-youtube wp-embed-aspect-16-9 wp-has-aspect-ratio\"><div class=\"wp-block-embed__wrapper\">\n<iframe title=\"Early Career Workshop 2021 - veranstaltet vom Early Career Network\" width=\"500\" height=\"281\" src=\"https:\/\/www.youtube.com\/embed\/ayoBN3Ec7Qs?feature=oembed\" frameborder=\"0\" allow=\"accelerometer; autoplay; clipboard-write; encrypted-media; gyroscope; picture-in-picture; web-share\" referrerpolicy=\"strict-origin-when-cross-origin\" allowfullscreen><\/iframe>\n<\/div><figcaption class=\"wp-element-caption\"><strong>Workshop f\u00fcr Berufseinsteiger<\/strong><br>11. Oktober 2021<\/figcaption><\/figure>\n<\/div>\n\n\n\n<div class=\"wp-block-group has-border-color has-base-background-color has-background is-layout-flow wp-block-group-is-layout-flow\" style=\"border-color:#E5E7EB;border-width:1px;border-radius:10px;padding-top:var(--wp--preset--spacing--10);padding-right:var(--wp--preset--spacing--10);padding-bottom:0;padding-left:var(--wp--preset--spacing--10)\">\n<figure class=\"wp-block-embed is-type-video is-provider-youtube wp-block-embed-youtube wp-embed-aspect-16-9 wp-has-aspect-ratio\"><div class=\"wp-block-embed__wrapper\">\n<iframe title=\"Webinar: Einf\u00fchrung des 2. Almanachs f\u00fcr k\u00f6rperliche Aktivit\u00e4t - GoPA! L\u00e4nderkarten\" width=\"500\" height=\"281\" src=\"https:\/\/www.youtube.com\/embed\/UGS0jJhKY6k?feature=oembed\" frameborder=\"0\" allow=\"accelerometer; autoplay; clipboard-write; encrypted-media; gyroscope; picture-in-picture; web-share\" referrerpolicy=\"strict-origin-when-cross-origin\" allowfullscreen><\/iframe>\n<\/div><figcaption class=\"wp-element-caption\"><strong>GoPA! Webinar: Einf\u00fchrung des 2. Almanachs f\u00fcr k\u00f6rperliche Aktivit\u00e4t - GoPA! L\u00e4nderkarten<\/strong><br>11 Aug 2021<\/figcaption><\/figure>\n<\/div>\n\n\n\n<div class=\"wp-block-group has-border-color has-base-background-color has-background is-layout-flow wp-block-group-is-layout-flow\" style=\"border-color:#E5E7EB;border-width:1px;border-radius:10px;padding-top:var(--wp--preset--spacing--10);padding-right:var(--wp--preset--spacing--10);padding-bottom:0;padding-left:var(--wp--preset--spacing--10)\">\n<figure class=\"wp-block-embed is-type-video is-provider-youtube wp-block-embed-youtube wp-embed-aspect-16-9 wp-has-aspect-ratio\"><div class=\"wp-block-embed__wrapper\">\n<iframe title=\"ASPA-Webinar: Acht Investitionen, die sich f\u00fcr k\u00f6rperliche Aktivit\u00e4t lohnen\" width=\"500\" height=\"281\" src=\"https:\/\/www.youtube.com\/embed\/oDVj6NUVJ5I?feature=oembed\" frameborder=\"0\" allow=\"accelerometer; autoplay; clipboard-write; encrypted-media; gyroscope; picture-in-picture; web-share\" referrerpolicy=\"strict-origin-when-cross-origin\" allowfullscreen><\/iframe>\n<\/div><figcaption class=\"wp-element-caption\"><strong>ASPA-Webinar: Acht Investitionen, die sich f\u00fcr k\u00f6rperliche Aktivit\u00e4t lohnen<\/strong><br>12 Jul 2021<\/figcaption><\/figure>\n<\/div>\n\n\n\n<div class=\"wp-block-group has-border-color has-base-background-color has-background is-layout-flow wp-block-group-is-layout-flow\" style=\"border-color:#E5E7EB;border-width:1px;border-radius:10px;padding-top:var(--wp--preset--spacing--10);padding-right:var(--wp--preset--spacing--10);padding-bottom:0;padding-left:var(--wp--preset--spacing--10)\">\n<figure class=\"wp-block-embed is-type-video is-provider-youtube wp-block-embed-youtube wp-embed-aspect-16-9 wp-has-aspect-ratio\"><div class=\"wp-block-embed__wrapper\">\n<iframe title=\"Webinar 4. - Neue Richtlinien, neue \u00dcberwachung?\" width=\"500\" height=\"281\" src=\"https:\/\/www.youtube.com\/embed\/__oZZl_J25Y?feature=oembed\" frameborder=\"0\" allow=\"accelerometer; autoplay; clipboard-write; encrypted-media; gyroscope; picture-in-picture; web-share\" referrerpolicy=\"strict-origin-when-cross-origin\" allowfullscreen><\/iframe>\n<\/div><figcaption class=\"wp-element-caption\"><strong>2021 ISPAH und WHO Webinar-Reihe zu den \"WHO-Leitlinien zu k\u00f6rperlicher Aktivit\u00e4t und sitzendem Verhalten\": Von der Wissenschaft zur Praxis\"<\/strong><br><strong>Webinar 4: Neue Leitlinien, neue \u00dcberwachung?<\/strong><br>3. Juni 2021<\/figcaption><\/figure>\n<\/div>\n\n\n\n<div class=\"wp-block-group has-border-color has-base-background-color has-background is-layout-flow wp-block-group-is-layout-flow\" style=\"border-color:#E5E7EB;border-width:1px;border-radius:10px;padding-top:var(--wp--preset--spacing--10);padding-right:var(--wp--preset--spacing--10);padding-bottom:0;padding-left:var(--wp--preset--spacing--10)\">\n<figure class=\"wp-block-embed is-type-video is-provider-youtube wp-block-embed-youtube wp-embed-aspect-16-9 wp-has-aspect-ratio\"><div class=\"wp-block-embed__wrapper\">\n<iframe title=\"Als Berufseinsteiger auf dem ISPAH-Kongress 2021 - ISPAH-Netzwerk f\u00fcr Berufseinsteiger\" width=\"500\" height=\"281\" src=\"https:\/\/www.youtube.com\/embed\/H3I_meESobE?feature=oembed\" frameborder=\"0\" allow=\"accelerometer; autoplay; clipboard-write; encrypted-media; gyroscope; picture-in-picture; web-share\" referrerpolicy=\"strict-origin-when-cross-origin\" allowfullscreen><\/iframe>\n<\/div><figcaption class=\"wp-element-caption\"><strong>ISPAH ECN Webinar<\/strong><br>Als Berufseinsteiger auf dem ISPAH-Kongress 2021 unterwegs<br>1. Juni 2021<\/figcaption><\/figure>\n<\/div>\n\n\n\n<div class=\"wp-block-group has-border-color has-base-background-color has-background is-layout-flow wp-block-group-is-layout-flow\" style=\"border-color:#E5E7EB;border-width:1px;border-radius:10px;padding-top:var(--wp--preset--spacing--10);padding-right:var(--wp--preset--spacing--10);padding-bottom:0;padding-left:var(--wp--preset--spacing--10)\">\n<figure class=\"wp-block-embed is-type-video is-provider-youtube wp-block-embed-youtube wp-embed-aspect-16-9 wp-has-aspect-ratio\"><div class=\"wp-block-embed__wrapper\">\n<iframe title=\"Ein st\u00e4rkeres, faireres System f\u00fcr k\u00f6rperliche Aktivit\u00e4t und Sport f\u00fcr alle: ReINVENT und ReBUILD\" width=\"500\" height=\"281\" src=\"https:\/\/www.youtube.com\/embed\/BnBcdI-VUbs?feature=oembed\" frameborder=\"0\" allow=\"accelerometer; autoplay; clipboard-write; encrypted-media; gyroscope; picture-in-picture; web-share\" referrerpolicy=\"strict-origin-when-cross-origin\" allowfullscreen><\/iframe>\n<\/div><figcaption class=\"wp-element-caption\"><strong>WHO-Webinar<\/strong><br><strong>Ein st\u00e4rkeres, faireres System f\u00fcr k\u00f6rperliche Aktivit\u00e4t und Sport f\u00fcr alle: ReINVENT und ReBUILD<\/strong><br>6 Apr 2021<\/figcaption><\/figure>\n<\/div>\n\n\n\n<div class=\"wp-block-group has-border-color has-base-background-color has-background is-layout-flow wp-block-group-is-layout-flow\" style=\"border-color:#E5E7EB;border-width:1px;border-radius:10px;padding-top:var(--wp--preset--spacing--10);padding-right:var(--wp--preset--spacing--10);padding-bottom:0;padding-left:var(--wp--preset--spacing--10)\">\n<figure class=\"wp-block-embed is-type-video is-provider-youtube wp-block-embed-youtube wp-embed-aspect-16-9 wp-has-aspect-ratio\"><div class=\"wp-block-embed__wrapper\">\n<iframe title=\"K\u00f6rperliche Aktivit\u00e4t w\u00e4hrend COVID-19: Herausforderungen und Chancen f\u00fcr Berufseinsteiger\" width=\"500\" height=\"281\" src=\"https:\/\/www.youtube.com\/embed\/51J4hlmlUrw?feature=oembed\" frameborder=\"0\" allow=\"accelerometer; autoplay; clipboard-write; encrypted-media; gyroscope; picture-in-picture; web-share\" referrerpolicy=\"strict-origin-when-cross-origin\" allowfullscreen><\/iframe>\n<\/div><figcaption class=\"wp-element-caption\"><strong>ISPAH und HEPA Europe Webinar f\u00fcr Berufseinsteiger<\/strong><br><strong>K\u00f6rperliche Aktivit\u00e4t und Gesundheitsforschung w\u00e4hrend der COVID-19-Pandemie: Herausforderungen und Chancen f\u00fcr Berufseinsteiger\"<\/strong><br>1 Apr 2021<\/figcaption><\/figure>\n<\/div>\n\n\n\n<div class=\"wp-block-group has-border-color has-base-background-color has-background is-layout-flow wp-block-group-is-layout-flow\" style=\"border-color:#E5E7EB;border-width:1px;border-radius:10px;padding-top:var(--wp--preset--spacing--10);padding-right:var(--wp--preset--spacing--10);padding-bottom:0;padding-left:var(--wp--preset--spacing--10)\">\n<figure class=\"wp-block-embed is-type-video is-provider-youtube wp-block-embed-youtube wp-embed-aspect-16-9 wp-has-aspect-ratio\"><div class=\"wp-block-embed__wrapper\">\n<iframe title=\"Webinar 2. Warum und wie kann man sitzende T\u00e4tigkeiten reduzieren?\" width=\"500\" height=\"281\" src=\"https:\/\/www.youtube.com\/embed\/QvW5ETkhawc?feature=oembed\" frameborder=\"0\" allow=\"accelerometer; autoplay; clipboard-write; encrypted-media; gyroscope; picture-in-picture; web-share\" referrerpolicy=\"strict-origin-when-cross-origin\" allowfullscreen><\/iframe>\n<\/div><figcaption class=\"wp-element-caption\"><strong>2021 ISPAH und WHO Webinar-Reihe zu den \"WHO-Leitlinien zu k\u00f6rperlicher Aktivit\u00e4t und sitzendem Verhalten\": Von der Wissenschaft zur Praxis\"<\/strong><br><strong>Webinar 2: Warum und wie kann man sitzende T\u00e4tigkeiten reduzieren?<\/strong><br>4 M\u00e4r 2021<\/figcaption><\/figure>\n<\/div>\n\n\n\n<div class=\"wp-block-group has-border-color has-base-background-color has-background is-layout-flow wp-block-group-is-layout-flow\" style=\"border-color:#E5E7EB;border-width:1px;border-radius:10px;padding-top:var(--wp--preset--spacing--10);padding-right:var(--wp--preset--spacing--10);padding-bottom:0;padding-left:var(--wp--preset--spacing--10)\">\n<figure class=\"wp-block-embed is-type-video is-provider-youtube wp-block-embed-youtube wp-embed-aspect-16-9 wp-has-aspect-ratio\"><div class=\"wp-block-embed__wrapper\">\n<iframe title=\"Die Wissenschaft hinter dem zweiten Satz von L\u00e4nderkarten des Global Observatory for Physical Activity\" width=\"500\" height=\"281\" src=\"https:\/\/www.youtube.com\/embed\/Anqy_soykvQ?feature=oembed\" frameborder=\"0\" allow=\"accelerometer; autoplay; clipboard-write; encrypted-media; gyroscope; picture-in-picture; web-share\" referrerpolicy=\"strict-origin-when-cross-origin\" allowfullscreen><\/iframe>\n<\/div><figcaption class=\"wp-element-caption\"><strong>Die Wissenschaft hinter dem zweiten Satz der L\u00e4nderkarten des Global Observatory for Physical Activity.<\/strong><br>15 Feb 2021<\/figcaption><\/figure>\n<\/div>\n\n\n\n<div class=\"wp-block-group has-border-color has-base-background-color has-background is-layout-flow wp-block-group-is-layout-flow\" style=\"border-color:#E5E7EB;border-width:1px;border-radius:10px;padding-top:var(--wp--preset--spacing--10);padding-right:var(--wp--preset--spacing--10);padding-bottom:0;padding-left:var(--wp--preset--spacing--10)\">\n<figure class=\"wp-block-embed is-type-video is-provider-youtube wp-block-embed-youtube wp-embed-aspect-16-9 wp-has-aspect-ratio\"><div class=\"wp-block-embed__wrapper\">\n<iframe title=\"Webinar 1. Wie Leitlinien f\u00fcr k\u00f6rperliche Aktivit\u00e4t genutzt werden k\u00f6nnen Verhaltens\u00e4nderungen bewirken\" width=\"500\" height=\"281\" src=\"https:\/\/www.youtube.com\/embed\/Yz_SelUiih0?feature=oembed\" frameborder=\"0\" allow=\"accelerometer; autoplay; clipboard-write; encrypted-media; gyroscope; picture-in-picture; web-share\" referrerpolicy=\"strict-origin-when-cross-origin\" allowfullscreen><\/iframe>\n<\/div><figcaption class=\"wp-element-caption\"><strong>2021 ISPAH und WHO Webinar-Reihe zu den \"WHO-Leitlinien zu k\u00f6rperlicher Aktivit\u00e4t und sitzendem Verhalten\": Von der Wissenschaft zur Praxis\"<\/strong><br><strong>Webinar 1: Wie Leitlinien f\u00fcr k\u00f6rperliche Aktivit\u00e4t genutzt werden k\u00f6nnen Verhaltens\u00e4nderungen<\/strong><br>4 Feb 2021<\/figcaption><\/figure>\n<\/div>\n\n\n\n<div class=\"wp-block-group has-border-color has-base-background-color has-background is-layout-flow wp-block-group-is-layout-flow\" style=\"border-color:#E5E7EB;border-width:1px;border-radius:10px;padding-top:var(--wp--preset--spacing--10);padding-right:var(--wp--preset--spacing--10);padding-bottom:0;padding-left:var(--wp--preset--spacing--10)\">\n<figure class=\"wp-block-embed is-type-video is-provider-youtube wp-block-embed-youtube wp-embed-aspect-16-9 wp-has-aspect-ratio\"><div class=\"wp-block-embed__wrapper\">\n<iframe title=\"Webinar: Die Wissenschaft hinter den WHO-Leitlinien f\u00fcr k\u00f6rperliche Aktivit\u00e4t und sitzende Lebensweise\" width=\"500\" height=\"281\" src=\"https:\/\/www.youtube.com\/embed\/iw8L87W_70U?feature=oembed\" frameborder=\"0\" allow=\"accelerometer; autoplay; clipboard-write; encrypted-media; gyroscope; picture-in-picture; web-share\" referrerpolicy=\"strict-origin-when-cross-origin\" allowfullscreen><\/iframe>\n<\/div><figcaption class=\"wp-element-caption\"><strong>Die Wissenschaft hinter den WHO-Leitlinien zu k\u00f6rperlicher Aktivit\u00e4t und sitzendem Verhalten<\/strong><br>3. Dezember 2020<\/figcaption><\/figure>\n<\/div>\n\n\n\n<div class=\"wp-block-group has-border-color has-base-background-color has-background is-layout-flow wp-block-group-is-layout-flow\" style=\"border-color:#E5E7EB;border-width:1px;border-radius:10px;padding-top:var(--wp--preset--spacing--10);padding-right:var(--wp--preset--spacing--10);padding-bottom:0;padding-left:var(--wp--preset--spacing--10)\">\n<figure class=\"wp-block-embed is-type-video is-provider-youtube wp-block-embed-youtube wp-embed-aspect-16-9 wp-has-aspect-ratio\"><div class=\"wp-block-embed__wrapper\">\n<iframe title=\"Schnellfeuer-Implementierung Wissenschaftliche Erkenntnisse\" width=\"500\" height=\"281\" src=\"https:\/\/www.youtube.com\/embed\/IE4RMQgUvQA?feature=oembed\" frameborder=\"0\" allow=\"accelerometer; autoplay; clipboard-write; encrypted-media; gyroscope; picture-in-picture; web-share\" referrerpolicy=\"strict-origin-when-cross-origin\" allowfullscreen><\/iframe>\n<\/div><figcaption class=\"wp-element-caption\"><strong>Schnellfeuer-Implementierung Wissenschaftliche Erkenntnisse<\/strong><br>26 Feb 2020<\/figcaption><\/figure>\n<\/div>\n\n\n\n<div class=\"wp-block-group has-border-color has-base-background-color has-background is-layout-flow wp-block-group-is-layout-flow\" style=\"border-color:#E5E7EB;border-width:1px;border-radius:10px;padding-top:var(--wp--preset--spacing--10);padding-right:var(--wp--preset--spacing--10);padding-bottom:0;padding-left:var(--wp--preset--spacing--10)\">\n<figure class=\"wp-block-embed is-type-video is-provider-youtube wp-block-embed-youtube wp-embed-aspect-16-9 wp-has-aspect-ratio\"><div class=\"wp-block-embed__wrapper\">\n<iframe title=\"30 Min Webinar | IST DIE DEFINITION DER PHYSIKALISCHEN AKTIVIT\u00c4T ZU WENIG?\" width=\"500\" height=\"281\" src=\"https:\/\/www.youtube.com\/embed\/cTkMNRNef2E?feature=oembed\" frameborder=\"0\" allow=\"accelerometer; autoplay; clipboard-write; encrypted-media; gyroscope; picture-in-picture; web-share\" referrerpolicy=\"strict-origin-when-cross-origin\" allowfullscreen><\/iframe>\n<\/div><figcaption class=\"wp-element-caption\"><strong>Ist die Definition von k\u00f6rperlicher Aktivit\u00e4t zu eng gefasst?<\/strong><br>29 Okt 2019<\/figcaption><\/figure>\n<\/div>\n\n\n\n<div class=\"wp-block-group has-border-color has-base-background-color has-background is-layout-flow wp-block-group-is-layout-flow\" style=\"border-color:#E5E7EB;border-width:1px;border-radius:10px;padding-top:var(--wp--preset--spacing--10);padding-right:var(--wp--preset--spacing--10);padding-bottom:0;padding-left:var(--wp--preset--spacing--10)\">\n<figure class=\"wp-block-embed is-type-video is-provider-youtube wp-block-embed-youtube wp-embed-aspect-16-9 wp-has-aspect-ratio\"><div class=\"wp-block-embed__wrapper\">\n<iframe title=\"Holen Sie das Beste aus einer Konferenz heraus: Was Sie vor, w\u00e4hrend und nach der Konferenz tun sollten\" width=\"500\" height=\"281\" src=\"https:\/\/www.youtube.com\/embed\/hXbq5GJMiMA?start=1&#038;feature=oembed\" frameborder=\"0\" allow=\"accelerometer; autoplay; clipboard-write; encrypted-media; gyroscope; picture-in-picture; web-share\" referrerpolicy=\"strict-origin-when-cross-origin\" allowfullscreen><\/iframe>\n<\/div><figcaption class=\"wp-element-caption\"><strong>Holen Sie das Beste aus einer Konferenz heraus: Was Sie vor, w\u00e4hrend und nach der Konferenz tun sollten<\/strong><br>28 Mai 2019<\/figcaption><\/figure>\n<\/div>\n\n\n\n<div class=\"wp-block-group has-border-color has-base-background-color has-background is-layout-flow wp-block-group-is-layout-flow\" style=\"border-color:#E5E7EB;border-width:1px;border-radius:10px;padding-top:var(--wp--preset--spacing--10);padding-right:var(--wp--preset--spacing--10);padding-bottom:0;padding-left:var(--wp--preset--spacing--10)\">\n<figure class=\"wp-block-embed is-type-video is-provider-youtube wp-block-embed-youtube wp-embed-aspect-16-9 wp-has-aspect-ratio\"><div class=\"wp-block-embed__wrapper\">\n<iframe title=\"ISBNPA NESIMNC und ISPAH Webinar Mentoring in der Gesundheitsverhaltensforschung\" width=\"500\" height=\"281\" src=\"https:\/\/www.youtube.com\/embed\/qxO68brYAUU?feature=oembed\" frameborder=\"0\" allow=\"accelerometer; autoplay; clipboard-write; encrypted-media; gyroscope; picture-in-picture; web-share\" referrerpolicy=\"strict-origin-when-cross-origin\" allowfullscreen><\/iframe>\n<\/div><figcaption class=\"wp-element-caption\"><strong>ISBNPA NESIMNC und ISPAH Webinar Mentoring in der Gesundheitsverhaltensforschung<\/strong><br>19 M\u00e4r 2019<\/figcaption><\/figure>\n<\/div>\n\n\n\n<div class=\"wp-block-group has-border-color has-base-background-color has-background is-layout-flow wp-block-group-is-layout-flow\" style=\"border-color:#E5E7EB;border-width:1px;border-radius:10px;padding-top:var(--wp--preset--spacing--10);padding-right:var(--wp--preset--spacing--10);padding-bottom:0;padding-left:var(--wp--preset--spacing--10)\">\n<figure class=\"wp-block-embed is-type-video is-provider-youtube wp-block-embed-youtube wp-embed-aspect-16-9 wp-has-aspect-ratio\"><div class=\"wp-block-embed__wrapper\">\n<iframe title=\"NESI ISBNPA ISPAH ECN Webinar: \u00dcberleben Sie Ihre Promotion ohne Burnout\" width=\"500\" height=\"281\" src=\"https:\/\/www.youtube.com\/embed\/RpfkVsTHo3s?feature=oembed\" frameborder=\"0\" allow=\"accelerometer; autoplay; clipboard-write; encrypted-media; gyroscope; picture-in-picture; web-share\" referrerpolicy=\"strict-origin-when-cross-origin\" allowfullscreen><\/iframe>\n<\/div><figcaption class=\"wp-element-caption\"><strong>NESI ISBNPA ISPAH ECN Webinar: \u00dcberleben Sie Ihre Promotion ohne Burnout<\/strong><br>26 Nov 2018<\/figcaption><\/figure>\n<\/div>\n\n\n\n<div class=\"wp-block-group has-border-color has-base-background-color has-background is-layout-flow wp-block-group-is-layout-flow\" style=\"border-color:#E5E7EB;border-width:1px;border-radius:10px;padding-top:var(--wp--preset--spacing--10);padding-right:var(--wp--preset--spacing--10);padding-bottom:0;padding-left:var(--wp--preset--spacing--10)\">\n<figure class=\"wp-block-embed is-type-video is-provider-youtube wp-block-embed-youtube wp-embed-aspect-16-9 wp-has-aspect-ratio\"><div class=\"wp-block-embed__wrapper\">\n<iframe title=\"ISPAH ISBNPA Webinar: Verbreitung von Forschungsergebnissen zur Steigerung der Zielgruppe und Reichweite\" width=\"500\" height=\"281\" src=\"https:\/\/www.youtube.com\/embed\/L4ibsL8k6CE?feature=oembed\" frameborder=\"0\" allow=\"accelerometer; autoplay; clipboard-write; encrypted-media; gyroscope; picture-in-picture; web-share\" referrerpolicy=\"strict-origin-when-cross-origin\" allowfullscreen><\/iframe>\n<\/div><figcaption class=\"wp-element-caption\"><strong>ISPAH ISBNPA Webinar: Verbreitung von Forschungsergebnissen zur Steigerung der Zielgruppe und Reichweite<\/strong><br>17 Sep 2018<\/figcaption><\/figure>\n<\/div>\n\n\n\n<div class=\"wp-block-group has-border-color has-base-background-color has-background is-layout-flow wp-block-group-is-layout-flow\" style=\"border-color:#E5E7EB;border-width:1px;border-radius:10px;padding-top:var(--wp--preset--spacing--10);padding-right:var(--wp--preset--spacing--10);padding-bottom:0;padding-left:var(--wp--preset--spacing--10)\">\n<figure class=\"wp-block-embed is-type-video is-provider-youtube wp-block-embed-youtube wp-embed-aspect-16-9 wp-has-aspect-ratio\"><div class=\"wp-block-embed__wrapper\">\n<iframe title=\"Der Globale Aktionsplan der WHO f\u00fcr k\u00f6rperliche Aktivit\u00e4t\" width=\"500\" height=\"281\" src=\"https:\/\/www.youtube.com\/embed\/RODyKHFsnwE?feature=oembed\" frameborder=\"0\" allow=\"accelerometer; autoplay; clipboard-write; encrypted-media; gyroscope; picture-in-picture; web-share\" referrerpolicy=\"strict-origin-when-cross-origin\" allowfullscreen><\/iframe>\n<\/div><figcaption class=\"wp-element-caption\"><strong>Der Globale Aktionsplan der WHO f\u00fcr k\u00f6rperliche Aktivit\u00e4t<\/strong><br>9 Aug 2018<\/figcaption><\/figure>\n<\/div>\n\n\n\n<div class=\"wp-block-group has-border-color has-base-background-color has-background is-layout-flow wp-block-group-is-layout-flow\" style=\"border-color:#E5E7EB;border-width:1px;border-radius:10px;padding-top:var(--wp--preset--spacing--10);padding-right:var(--wp--preset--spacing--10);padding-bottom:0;padding-left:var(--wp--preset--spacing--10)\">\n<figure class=\"wp-block-embed is-type-video is-provider-youtube wp-block-embed-youtube wp-embed-aspect-16-9 wp-has-aspect-ratio\"><div class=\"wp-block-embed__wrapper\">\n<iframe title=\"ISBNPA ISPAH Webinar Ver\u00f6ffentlichen von Ver\u00f6ffentlichungen mit hoher Wirkung: Die Perspektive eines Forschers und Herausgebers\" width=\"500\" height=\"281\" src=\"https:\/\/www.youtube.com\/embed\/mZvVYWy5IB8?feature=oembed\" frameborder=\"0\" allow=\"accelerometer; autoplay; clipboard-write; encrypted-media; gyroscope; picture-in-picture; web-share\" referrerpolicy=\"strict-origin-when-cross-origin\" allowfullscreen><\/iframe>\n<\/div><figcaption class=\"wp-element-caption\"><strong>ISBNPA ISPAH Webinar Ver\u00f6ffentlichen von Ver\u00f6ffentlichungen mit hoher Wirkung: Die Perspektive eines Forschers und Herausgebers<\/strong><br>8 Mai 2018<\/figcaption><\/figure>\n<\/div>\n\n\n\n<div class=\"wp-block-group has-border-color has-base-background-color has-background is-layout-flow wp-block-group-is-layout-flow\" style=\"border-color:#E5E7EB;border-width:1px;border-radius:10px;padding-top:var(--wp--preset--spacing--10);padding-right:var(--wp--preset--spacing--10);padding-bottom:0;padding-left:var(--wp--preset--spacing--10)\">\n<figure class=\"wp-block-embed is-type-video is-provider-youtube wp-block-embed-youtube wp-embed-aspect-16-9 wp-has-aspect-ratio\"><div class=\"wp-block-embed__wrapper\">\n<iframe title=\"Gemeinsames ISPAH ISBNPA Webinar: Das &quot;Wie&quot; und &quot;Wie nicht&quot; des Peer-Reviewings aus der Sicht eines R\" width=\"500\" height=\"281\" src=\"https:\/\/www.youtube.com\/embed\/qt7KmuVwoDk?feature=oembed\" frameborder=\"0\" allow=\"accelerometer; autoplay; clipboard-write; encrypted-media; gyroscope; picture-in-picture; web-share\" referrerpolicy=\"strict-origin-when-cross-origin\" allowfullscreen><\/iframe>\n<\/div><figcaption class=\"wp-element-caption\"><strong>Gemeinsames ISPAH ISBNPA Webinar: Das 'Wie' und 'Wie nicht' des Peer-Reviewings: Perspektiven eines Gutachters und eines Herausgebers einer Zeitschrift<\/strong><br>19 M\u00e4r 2018<\/figcaption><\/figure>\n<\/div>\n\n\n\n<div class=\"wp-block-group has-border-color has-base-background-color has-background is-layout-flow wp-block-group-is-layout-flow\" style=\"border-color:#E5E7EB;border-width:1px;border-radius:10px;padding-top:var(--wp--preset--spacing--10);padding-right:var(--wp--preset--spacing--10);padding-bottom:0;padding-left:var(--wp--preset--spacing--10)\">\n<figure class=\"wp-block-embed is-type-video is-provider-youtube wp-block-embed-youtube wp-embed-aspect-16-9 wp-has-aspect-ratio\"><div class=\"wp-block-embed__wrapper\">\n<iframe title=\"ISBNPA NESI ISPAH Gemeinsames Webinar Arbeiten im staatlichen Gesundheitswesen\" width=\"500\" height=\"281\" src=\"https:\/\/www.youtube.com\/embed\/OyD-k_20n7k?feature=oembed\" frameborder=\"0\" allow=\"accelerometer; autoplay; clipboard-write; encrypted-media; gyroscope; picture-in-picture; web-share\" referrerpolicy=\"strict-origin-when-cross-origin\" allowfullscreen><\/iframe>\n<\/div><figcaption class=\"wp-element-caption\"><strong>ISBNPA NESI ISPAH Gemeinsames Webinar Arbeiten im staatlichen Gesundheitswesen<\/strong><br>21 Nov 2017<\/figcaption><\/figure>\n<\/div>\n<\/div>","protected":false},"excerpt":{"rendered":"<p>Die ISPAH veranstaltet regelm\u00e4\u00dfig Webinare zu wichtigen Themen im Zusammenhang mit k\u00f6rperlicher Aktivit\u00e4t und Gesundheit. Einzelheiten zu allen bisherigen Webinaren und Links zu den Webinar-Aufzeichnungen finden Sie unten. Um vollen Zugang zu unseren exklusiven Webinaren, Kongress-Keynotes und Videos zu erhalten, melden Sie sich bitte an, um Mitglied der ISPAH zu werden.\u00a0<\/p>","protected":false},"author":1,"featured_media":7133,"parent":4263,"menu_order":0,"comment_status":"closed","ping_status":"closed","template":"page-grey","meta":{"_jf_schedule_form":"","_jf_limit_responses":"","country-income-classification":"","slim_seo":{"title":"Kostenlose Webinare - ISPAH","description":"Home Die ISPAH veranstaltet regelm\u00e4\u00dfig Webinare zu wichtigen Themen im Zusammenhang mit k\u00f6rperlicher Aktivit\u00e4t und Gesundheit - zuletzt eine gemeinsame Webinarreihe der ISPAH und der WHO zu den \"WHO-Leitlinien zu k\u00f6rperlicher Aktivit\u00e4t und sitzendem Verhalten\": Von der Wissenschaft zur Praxis\". Einzelheiten zu allen bisherigen Webinaren und Links zu den Aufzeichnungen k\u00f6nnen..."},"footnotes":""},"class_list":["post-4267","page","type-page","status-publish","has-post-thumbnail","hentry"],"_links":{"self":[{"href":"https:\/\/ispah.tecology-hosting.co\/de\/wp-json\/wp\/v2\/pages\/4267","targetHints":{"allow":["GET"]}}],"collection":[{"href":"https:\/\/ispah.tecology-hosting.co\/de\/wp-json\/wp\/v2\/pages"}],"about":[{"href":"https:\/\/ispah.tecology-hosting.co\/de\/wp-json\/wp\/v2\/types\/page"}],"author":[{"embeddable":true,"href":"https:\/\/ispah.tecology-hosting.co\/de\/wp-json\/wp\/v2\/users\/1"}],"replies":[{"embeddable":true,"href":"https:\/\/ispah.tecology-hosting.co\/de\/wp-json\/wp\/v2\/comments?post=4267"}],"version-history":[{"count":1,"href":"https:\/\/ispah.tecology-hosting.co\/de\/wp-json\/wp\/v2\/pages\/4267\/revisions"}],"predecessor-version":[{"id":34197,"href":"https:\/\/ispah.tecology-hosting.co\/de\/wp-json\/wp\/v2\/pages\/4267\/revisions\/34197"}],"up":[{"embeddable":true,"href":"https:\/\/ispah.tecology-hosting.co\/de\/wp-json\/wp\/v2\/pages\/4263"}],"wp:featuredmedia":[{"embeddable":true,"href":"https:\/\/ispah.tecology-hosting.co\/de\/wp-json\/wp\/v2\/media\/7133"}],"wp:attachment":[{"href":"https:\/\/ispah.tecology-hosting.co\/de\/wp-json\/wp\/v2\/media?parent=4267"}],"curies":[{"name":"wp","href":"https:\/\/api.w.org\/{rel}","templated":true}]}}